{"id":745,"date":"2023-11-05T17:37:14","date_gmt":"2023-11-05T16:37:14","guid":{"rendered":"https:\/\/smartprojetpro.fr\/accueil\/?page_id=745"},"modified":"2023-11-05T17:45:56","modified_gmt":"2023-11-05T16:45:56","slug":"coaching-preparation-aux-epreuves-orales","status":"publish","type":"page","link":"https:\/\/smartprojetpro.fr\/accueil\/coaching-preparation-aux-epreuves-orales\/","title":{"rendered":"Coaching pr\u00e9paration aux \u00e9preuves orales"},"content":{"rendered":"\n<h2 class=\"wp-block-heading has-text-color\" style=\"color:#ffc1d0\">Coaching aux \u00e9preuves orales pour les lyc\u00e9ens :<\/h2>\n\n\n\n<p>L&rsquo; \u00e9preuve du&nbsp;<a href=\"https:\/\/www.education.gouv.fr\/reussir-au-lycee\/baccalaureat-comment-se-passe-le-grand-oral-100028\" target=\"_blank\" rel=\"noreferrer noopener\">Grand Oral<\/a>&nbsp;et les entretiens d&rsquo;entr\u00e9e des \u00e9coles et formations sont souvent sources d\u2019angoisse pour les lyc\u00e9ens et leurs parents. Chez Smart Projet Pro,&nbsp;<a href=\"https:\/\/smartprojetpro.fr\/accueil\/a-propos-de\/\">Sabine MORELLON \u2013 SAUGUET<\/a>,&nbsp;<strong>professeure certifi\u00e9e<\/strong>&nbsp;STMS (Sciences et Techniques M\u00e9dico-Sociales)  vous propose un coaching pour vous accompagner dans votre pr\u00e9sentation orale.<\/p>\n\n\n\n<p>Le coaching de pr\u00e9paration au grand oral du bac et aux \u00e9preuves orales consiste \u00e0 former des \u00e9l\u00e8ves qui n\u2019ont jamais \u00e9t\u00e9 confront\u00e9s \u00e0 un jury \u00e0 cet exercice d\u00e9licat. Il s\u2019agira d\u2019apprendre \u00e0 g\u00e9rer son stress et ses \u00e9motions tout en d\u00e9veloppant des techniques pour r\u00e9pondre aux questions et objections avec aisance.<\/p>\n\n\n\n<ul class=\"wp-block-list\">\n<li>Pr\u00e9paration \u00e0 la soutenance orale<\/li>\n\n\n\n<li>Entrainement \u00e0 la prise de parole<\/li>\n\n\n\n<li>Accompagnement gestion du stress<\/li>\n<\/ul>\n\n\n\n<h2 class=\"wp-block-heading has-text-color\" style=\"color:#ffc1d0\">Coaching pour Pr\u00e9paration aux entretiens d\u2019entr\u00e9e des \u00e9coles et formations<\/h2>\n\n\n\n<p>L<strong>\u2019entretien de motivation,<\/strong>&nbsp;qu\u2019il soit&nbsp;<strong>individuel&nbsp;<\/strong>ou&nbsp;<strong>collectif,&nbsp;<\/strong>doit permettre d\u2019appr\u00e9cier l\u2019ad\u00e9quation de votre personnalit\u00e9 avec le programme de l\u2019\u00e9cole et les besoins des entreprises. Il leur faut comprendre qui vous \u00eates, vos exp\u00e9riences, vos projets, et, pourquoi pas, vos r\u00eaves.&nbsp;Au-del\u00e0 de la comp\u00e9tence technique, les<strong>&nbsp;qualit\u00e9s humaines et comportementales<\/strong>&nbsp;des candidats priment. Nombre d\u2019\u00e9coles accordent de l\u2019importance \u00e0 leurs traits de personnalit\u00e9, \u00e0 leur motivation, \u00e0 leur capacit\u00e9 \u00e0 se projeter dans l\u2019avenir, leur enthousiasme et leur envie d\u2019apprendre. L\u2019entretien est aussi l\u2019occasion d\u2019une&nbsp;<strong>rencontre entre le candidat et les professeurs, administratifs ou dipl\u00f4m\u00e9s<\/strong>, en lieu&nbsp;et place, ce qui pr\u00e9sente un atout consid\u00e9rable pour choisir son \u00e9cole.&nbsp;<\/p>\n","protected":false},"excerpt":{"rendered":"<p>Coaching aux \u00e9preuves orales pour les lyc\u00e9ens : L&rsquo; \u00e9preuve du&nbsp;Grand Oral&nbsp;et les entretiens d&rsquo;entr\u00e9e des \u00e9coles et formations sont souvent sources d\u2019angoisse pour les lyc\u00e9ens et leurs parents. Chez &hellip; <\/p>\n","protected":false},"author":1,"featured_media":0,"parent":0,"menu_order":0,"comment_status":"closed","ping_status":"closed","template":"","meta":{"footnotes":""},"class_list":["post-745","page","type-page","status-publish","hentry","has-meta has-sticky-meta"],"yoast_head":"<!-- This site is optimized with the Yoast SEO plugin v27.5 - https:\/\/yoast.com\/product\/yoast-seo-wordpress\/ -->\n<title>Coaching pr\u00e9paration aux \u00e9preuves orales - SMART PROJET PRO<\/title>\n<meta name=\"description\" content=\"Pr\u00e9paration au Grand Oral et aux entretiens - Entrainement \u00e0 la prise de parole - Accompagnement gestion du stress\" \/>\n<meta name=\"robots\" content=\"index, follow, max-snippet:-1, max-image-preview:large, max-video-preview:-1\" \/>\n<link rel=\"canonical\" href=\"https:\/\/smartprojetpro.fr\/accueil\/coaching-preparation-aux-epreuves-orales\/\" \/>\n<meta property=\"og:locale\" content=\"fr_FR\" \/>\n<meta property=\"og:type\" content=\"article\" \/>\n<meta property=\"og:title\" content=\"Coaching pr\u00e9paration aux \u00e9preuves orales - SMART PROJET PRO\" \/>\n<meta property=\"og:description\" content=\"Pr\u00e9paration au Grand Oral et aux entretiens - Entrainement \u00e0 la prise de parole - Accompagnement gestion du stress\" \/>\n<meta property=\"og:url\" content=\"https:\/\/smartprojetpro.fr\/accueil\/coaching-preparation-aux-epreuves-orales\/\" \/>\n<meta property=\"og:site_name\" content=\"SMART PROJET PRO\" \/>\n<meta property=\"article:modified_time\" content=\"2023-11-05T16:45:56+00:00\" \/>\n<meta name=\"twitter:card\" content=\"summary_large_image\" \/>\n<meta name=\"twitter:label1\" content=\"Dur\u00e9e de lecture estim\u00e9e\" \/>\n\t<meta name=\"twitter:data1\" content=\"2 minutes\" \/>\n<script type=\"application\/ld+json\" class=\"yoast-schema-graph\">{\"@context\":\"https:\\\/\\\/schema.org\",\"@graph\":[{\"@type\":\"WebPage\",\"@id\":\"https:\\\/\\\/smartprojetpro.fr\\\/accueil\\\/coaching-preparation-aux-epreuves-orales\\\/\",\"url\":\"https:\\\/\\\/smartprojetpro.fr\\\/accueil\\\/coaching-preparation-aux-epreuves-orales\\\/\",\"name\":\"Coaching pr\u00e9paration aux \u00e9preuves orales - SMART PROJET PRO\",\"isPartOf\":{\"@id\":\"https:\\\/\\\/smartprojetpro.fr\\\/accueil\\\/#website\"},\"datePublished\":\"2023-11-05T16:37:14+00:00\",\"dateModified\":\"2023-11-05T16:45:56+00:00\",\"description\":\"Pr\u00e9paration au Grand Oral et aux entretiens - Entrainement \u00e0 la prise de parole - Accompagnement gestion du stress\",\"breadcrumb\":{\"@id\":\"https:\\\/\\\/smartprojetpro.fr\\\/accueil\\\/coaching-preparation-aux-epreuves-orales\\\/#breadcrumb\"},\"inLanguage\":\"fr-FR\",\"potentialAction\":[{\"@type\":\"ReadAction\",\"target\":[\"https:\\\/\\\/smartprojetpro.fr\\\/accueil\\\/coaching-preparation-aux-epreuves-orales\\\/\"]}]},{\"@type\":\"BreadcrumbList\",\"@id\":\"https:\\\/\\\/smartprojetpro.fr\\\/accueil\\\/coaching-preparation-aux-epreuves-orales\\\/#breadcrumb\",\"itemListElement\":[{\"@type\":\"ListItem\",\"position\":1,\"name\":\"Accueil\",\"item\":\"https:\\\/\\\/smartprojetpro.fr\\\/accueil\\\/\"},{\"@type\":\"ListItem\",\"position\":2,\"name\":\"Coaching pr\u00e9paration aux \u00e9preuves orales\"}]},{\"@type\":\"WebSite\",\"@id\":\"https:\\\/\\\/smartprojetpro.fr\\\/accueil\\\/#website\",\"url\":\"https:\\\/\\\/smartprojetpro.fr\\\/accueil\\\/\",\"name\":\"SMART PROJET PRO\",\"description\":\"R\u00e9v\u00e9lateur de vos talents professionnels : Orientation Professionnelle et Scolaire, Analyse de la Personnalit\u00e9 Professionnelle, Bilan de Comp\u00e9tences\",\"publisher\":{\"@id\":\"https:\\\/\\\/smartprojetpro.fr\\\/accueil\\\/#organization\"},\"potentialAction\":[{\"@type\":\"SearchAction\",\"target\":{\"@type\":\"EntryPoint\",\"urlTemplate\":\"https:\\\/\\\/smartprojetpro.fr\\\/accueil\\\/?s={search_term_string}\"},\"query-input\":{\"@type\":\"PropertyValueSpecification\",\"valueRequired\":true,\"valueName\":\"search_term_string\"}}],\"inLanguage\":\"fr-FR\"},{\"@type\":\"Organization\",\"@id\":\"https:\\\/\\\/smartprojetpro.fr\\\/accueil\\\/#organization\",\"name\":\"SMART PROJET PRO\",\"url\":\"https:\\\/\\\/smartprojetpro.fr\\\/accueil\\\/\",\"logo\":{\"@type\":\"ImageObject\",\"inLanguage\":\"fr-FR\",\"@id\":\"https:\\\/\\\/smartprojetpro.fr\\\/accueil\\\/#\\\/schema\\\/logo\\\/image\\\/\",\"url\":\"https:\\\/\\\/smartprojetpro.fr\\\/wp-content\\\/uploads\\\/2021\\\/10\\\/cropped-cropped-logo-sabine-smart-projet-pro.png\",\"contentUrl\":\"https:\\\/\\\/smartprojetpro.fr\\\/wp-content\\\/uploads\\\/2021\\\/10\\\/cropped-cropped-logo-sabine-smart-projet-pro.png\",\"width\":679,\"height\":720,\"caption\":\"SMART PROJET PRO\"},\"image\":{\"@id\":\"https:\\\/\\\/smartprojetpro.fr\\\/accueil\\\/#\\\/schema\\\/logo\\\/image\\\/\"}}]}<\/script>\n<!-- \/ Yoast SEO plugin. -->","yoast_head_json":{"title":"Coaching pr\u00e9paration aux \u00e9preuves orales - SMART PROJET PRO","description":"Pr\u00e9paration au Grand Oral et aux entretiens - Entrainement \u00e0 la prise de parole - Accompagnement gestion du stress","robots":{"index":"index","follow":"follow","max-snippet":"max-snippet:-1","max-image-preview":"max-image-preview:large","max-video-preview":"max-video-preview:-1"},"canonical":"https:\/\/smartprojetpro.fr\/accueil\/coaching-preparation-aux-epreuves-orales\/","og_locale":"fr_FR","og_type":"article","og_title":"Coaching pr\u00e9paration aux \u00e9preuves orales - SMART PROJET PRO","og_description":"Pr\u00e9paration au Grand Oral et aux entretiens - Entrainement \u00e0 la prise de parole - Accompagnement gestion du stress","og_url":"https:\/\/smartprojetpro.fr\/accueil\/coaching-preparation-aux-epreuves-orales\/","og_site_name":"SMART PROJET PRO","article_modified_time":"2023-11-05T16:45:56+00:00","twitter_card":"summary_large_image","twitter_misc":{"Dur\u00e9e de lecture estim\u00e9e":"2 minutes"},"schema":{"@context":"https:\/\/schema.org","@graph":[{"@type":"WebPage","@id":"https:\/\/smartprojetpro.fr\/accueil\/coaching-preparation-aux-epreuves-orales\/","url":"https:\/\/smartprojetpro.fr\/accueil\/coaching-preparation-aux-epreuves-orales\/","name":"Coaching pr\u00e9paration aux \u00e9preuves orales - SMART PROJET PRO","isPartOf":{"@id":"https:\/\/smartprojetpro.fr\/accueil\/#website"},"datePublished":"2023-11-05T16:37:14+00:00","dateModified":"2023-11-05T16:45:56+00:00","description":"Pr\u00e9paration au Grand Oral et aux entretiens - Entrainement \u00e0 la prise de parole - Accompagnement gestion du stress","breadcrumb":{"@id":"https:\/\/smartprojetpro.fr\/accueil\/coaching-preparation-aux-epreuves-orales\/#breadcrumb"},"inLanguage":"fr-FR","potentialAction":[{"@type":"ReadAction","target":["https:\/\/smartprojetpro.fr\/accueil\/coaching-preparation-aux-epreuves-orales\/"]}]},{"@type":"BreadcrumbList","@id":"https:\/\/smartprojetpro.fr\/accueil\/coaching-preparation-aux-epreuves-orales\/#breadcrumb","itemListElement":[{"@type":"ListItem","position":1,"name":"Accueil","item":"https:\/\/smartprojetpro.fr\/accueil\/"},{"@type":"ListItem","position":2,"name":"Coaching pr\u00e9paration aux \u00e9preuves orales"}]},{"@type":"WebSite","@id":"https:\/\/smartprojetpro.fr\/accueil\/#website","url":"https:\/\/smartprojetpro.fr\/accueil\/","name":"SMART PROJET PRO","description":"R\u00e9v\u00e9lateur de vos talents professionnels : Orientation Professionnelle et Scolaire, Analyse de la Personnalit\u00e9 Professionnelle, Bilan de Comp\u00e9tences","publisher":{"@id":"https:\/\/smartprojetpro.fr\/accueil\/#organization"},"potentialAction":[{"@type":"SearchAction","target":{"@type":"EntryPoint","urlTemplate":"https:\/\/smartprojetpro.fr\/accueil\/?s={search_term_string}"},"query-input":{"@type":"PropertyValueSpecification","valueRequired":true,"valueName":"search_term_string"}}],"inLanguage":"fr-FR"},{"@type":"Organization","@id":"https:\/\/smartprojetpro.fr\/accueil\/#organization","name":"SMART PROJET PRO","url":"https:\/\/smartprojetpro.fr\/accueil\/","logo":{"@type":"ImageObject","inLanguage":"fr-FR","@id":"https:\/\/smartprojetpro.fr\/accueil\/#\/schema\/logo\/image\/","url":"https:\/\/smartprojetpro.fr\/wp-content\/uploads\/2021\/10\/cropped-cropped-logo-sabine-smart-projet-pro.png","contentUrl":"https:\/\/smartprojetpro.fr\/wp-content\/uploads\/2021\/10\/cropped-cropped-logo-sabine-smart-projet-pro.png","width":679,"height":720,"caption":"SMART PROJET PRO"},"image":{"@id":"https:\/\/smartprojetpro.fr\/accueil\/#\/schema\/logo\/image\/"}}]}},"_links":{"self":[{"href":"https:\/\/smartprojetpro.fr\/accueil\/wp-json\/wp\/v2\/pages\/745","targetHints":{"allow":["GET"]}}],"collection":[{"href":"https:\/\/smartprojetpro.fr\/accueil\/wp-json\/wp\/v2\/pages"}],"about":[{"href":"https:\/\/smartprojetpro.fr\/accueil\/wp-json\/wp\/v2\/types\/page"}],"author":[{"embeddable":true,"href":"https:\/\/smartprojetpro.fr\/accueil\/wp-json\/wp\/v2\/users\/1"}],"replies":[{"embeddable":true,"href":"https:\/\/smartprojetpro.fr\/accueil\/wp-json\/wp\/v2\/comments?post=745"}],"version-history":[{"count":3,"href":"https:\/\/smartprojetpro.fr\/accueil\/wp-json\/wp\/v2\/pages\/745\/revisions"}],"predecessor-version":[{"id":753,"href":"https:\/\/smartprojetpro.fr\/accueil\/wp-json\/wp\/v2\/pages\/745\/revisions\/753"}],"wp:attachment":[{"href":"https:\/\/smartprojetpro.fr\/accueil\/wp-json\/wp\/v2\/media?parent=745"}],"curies":[{"name":"wp","href":"https:\/\/api.w.org\/{rel}","templated":true}]}}